{"id":2,"date":"2016-03-08T18:30:26","date_gmt":"2016-03-08T18:30:26","guid":{"rendered":"http:\/\/www.rdias.net\/?page_id=2"},"modified":"2016-04-12T20:00:35","modified_gmt":"2016-04-12T20:00:35","slug":"pagina-exemplo","status":"publish","type":"page","link":"http:\/\/www.rdias.net\/?page_id=2","title":{"rendered":"Biografia Abreu"},"content":{"rendered":"<p><img loading=\"lazy\" decoding=\"async\" class=\"alignnone size-medium wp-image-53\" src=\"http:\/\/www.rdias.net\/wp-content\/uploads\/2016\/03\/Screen-Shot-2016-04-12-at-4.59.36-PM-211x300.png\" alt=\"Screen Shot 2016-04-12 at 4.59.36 PM\" width=\"211\" height=\"300\" srcset=\"http:\/\/www.rdias.net\/wp-content\/uploads\/2016\/03\/Screen-Shot-2016-04-12-at-4.59.36-PM-211x300.png 211w, http:\/\/www.rdias.net\/wp-content\/uploads\/2016\/03\/Screen-Shot-2016-04-12-at-4.59.36-PM.png 588w\" sizes=\"auto, (max-width: 211px) 100vw, 211px\" \/><\/p>\n<p>Biografia do violonista e luthier S\u00e9rgio Abreu, editada sob a Lei Rouanet.<\/p>\n<p>&nbsp;<\/p>\n<p>Do Cap\u00edtulo 1:<\/p>\n<p>Cap\u00edtulo 1<\/p>\n<p>\u201cDaqui a 20 anos n\u00f3s ainda estaremos tocando, e eles ainda v\u00e3o estar falando&#8230;.\u201d<\/p>\n<p>&nbsp;<\/p>\n<p>I<\/p>\n<p>S\u00e9rgio e Eduardo eram crian\u00e7as quietas. Moravam na casa dos av\u00f3s maternos, onde n\u00e3o havia a novidade da \u00e9poca: a TV. Reinava soberano na sala o <em>Hi-Fi<\/em>, um m\u00f3vel grande, misto de toca-discos e r\u00e1dio. O bom gosto do av\u00f4 garantia dias inteiros ouvindo de Bach a Beethoven, de Scarlatti a Brahms. Na m\u00fasica popular , fados, muitos choros com Jacob, Waldir e o hoje injustamente esquecido citarista Avena de Castro, influ\u00eancias importantes dos futuros concertistas, somados aos \u00eddolos m\u00e1ximos: Horowitz, Michelangeli, Jascha Heifetz, Segovia&#8230; Ouvir qualquer um dos citados d\u00e1 pistas sobre o modo Abreu de tocar, \u00e9 uma jun\u00e7\u00e3o de todos esses. N\u00e3o se ouvem arroubos, floreios, mas tamb\u00e9m jamais se ouvem notas frias, mec\u00e2nicas. Como este livro \u00e9 destinado fundamentalmente aos estudantes, aos m\u00fasicos iniciantes, fica a primeira li\u00e7\u00e3o do \u201cM\u00e9todo Abreu\u201d: ouvir MUITA m\u00fasica, de todo tipo, mas ouvir atenta e criticamente. Conhecer o que est\u00e1 ouvindo com a maior profundidade poss\u00edvel. Como as historinhas ser\u00e3o inevit\u00e1veis, vamos a uma, essa comigo.<\/p>\n<p>Estava dirigindo e comecei a ouvir no r\u00e1dio um quarteto de cordas. Como provavelmente a viagem terminaria antes do fim da pe\u00e7a, liguei do celular para S\u00e9rgio, perguntando que m\u00fasica era aquela. Ele ouviu um trecho, e declarou que era um quarteto de Beethoven, e disse o <em>opus<\/em>. Ok, nada demais. Pediu para ouvir mais um pouco. Uns 15 segundos depois, comentou:<\/p>\n<p>&#8211; Curioso, parece o Quarteto Alban Berg, mas est\u00e1 um pouco diferente da grava\u00e7\u00e3o que eu tenho&#8230;<\/p>\n<p>Achei meio imposs\u00edvel ele reconhecer o int\u00e9rprete assim, ainda mais via celular e com barulho de tr\u00e2nsito. Resolvi atrasar meu compromisso e ouvir at\u00e9 o fim a transmiss\u00e3o. Sim, era o Quarteto Alban Berg, numa grava\u00e7\u00e3o ao vivo. A que ele tinha era de est\u00fadio&#8230;<\/p>\n<p>Voltando \u00e0 Copacabana dos anos 50, encontramos os irm\u00e3os estudando com o av\u00f4. Come\u00e7aram, se desinteressaram, e em meados de 1959 retomam, dessa vez definitivamente. Sobre esse per\u00edodo pairam muitas lendas, por conta da precocidade do Duo, e todas precisam ser destru\u00eddas: n\u00e3o, n\u00e3o estudavam ao mesmo tempo no mesmo quarto m\u00fasicas diferentes com metr\u00f4nomos em andamentos diferentes; n\u00e3o, o pai n\u00e3o os obrigava a estudar 12 horas por dia, muito menos o av\u00f4; n\u00e3o, eles n\u00e3o sa\u00edram da escola para estudar apenas m\u00fasica. O que aconteceu foi que eles adoraram a novidade, e estudavam horas a fio com prazer. Os pais e av\u00f3s reclamavam era do exagero, queriam que os meninos sa\u00edssem, fossem \u00e0 praia, pegassem um sol. Aparentemente, jamais o fizeram.<\/p>\n<p>Mais uma li\u00e7\u00e3o: estudar tem que ser prazeroso. Tem que haver alegria no que se faz, estudar m\u00fasica \u00e9 op\u00e7\u00e3o, n\u00e3o obriga\u00e7\u00e3o, ent\u00e3o tem que ser agrad\u00e1vel, simples assim. Diz S\u00e9rgio:<\/p>\n<p>&#8211; Muitas vezes eu come\u00e7ava a estudar e, quando dava por mim, j\u00e1 era de noite. N\u00e3o se tratava de obsess\u00e3o, neurose, mas distra\u00e7\u00e3o: estava agrad\u00e1vel, o tempo passava e eu n\u00e3o percebia.<\/p>\n<p>&nbsp;<\/p>\n","protected":false},"excerpt":{"rendered":"<p>Biografia do violonista e luthier S\u00e9rgio Abreu, editada sob a Lei Rouanet. &nbsp; Do Cap\u00edtulo 1: Cap\u00edtulo 1 \u201cDaqui a 20 anos n\u00f3s ainda estaremos tocando, e eles ainda v\u00e3o estar falando&#8230;.\u201d &nbsp; I S\u00e9rgio e Eduardo eram crian\u00e7as quietas. &hellip; <a href=\"http:\/\/www.rdias.net\/?page_id=2\">Continue reading <span class=\"meta-nav\">&rarr;<\/span><\/a><\/p>\n","protected":false},"author":1,"featured_media":0,"parent":0,"menu_order":0,"comment_status":"closed","ping_status":"closed","template":"","meta":{"footnotes":""},"class_list":["post-2","page","type-page","status-publish","hentry"],"_links":{"self":[{"href":"http:\/\/www.rdias.net\/index.php?rest_route=\/wp\/v2\/pages\/2","targetHints":{"allow":["GET"]}}],"collection":[{"href":"http:\/\/www.rdias.net\/index.php?rest_route=\/wp\/v2\/pages"}],"about":[{"href":"http:\/\/www.rdias.net\/index.php?rest_route=\/wp\/v2\/types\/page"}],"author":[{"embeddable":true,"href":"http:\/\/www.rdias.net\/index.php?rest_route=\/wp\/v2\/users\/1"}],"replies":[{"embeddable":true,"href":"http:\/\/www.rdias.net\/index.php?rest_route=%2Fwp%2Fv2%2Fcomments&post=2"}],"version-history":[{"count":5,"href":"http:\/\/www.rdias.net\/index.php?rest_route=\/wp\/v2\/pages\/2\/revisions"}],"predecessor-version":[{"id":54,"href":"http:\/\/www.rdias.net\/index.php?rest_route=\/wp\/v2\/pages\/2\/revisions\/54"}],"wp:attachment":[{"href":"http:\/\/www.rdias.net\/index.php?rest_route=%2Fwp%2Fv2%2Fmedia&parent=2"}],"curies":[{"name":"wp","href":"https:\/\/api.w.org\/{rel}","templated":true}]}}